{"id":121,"date":"2020-05-01T18:04:46","date_gmt":"2020-05-01T18:04:46","guid":{"rendered":"http:\/\/egerlaender6.de\/?page_id=121"},"modified":"2020-11-19T10:30:07","modified_gmt":"2020-11-19T10:30:07","slug":"e6-das-original","status":"publish","type":"page","link":"http:\/\/egerlaender6.de\/?page_id=121","title":{"rendered":"Ein &#8222;Original&#8220;!"},"content":{"rendered":"\n<p class=\"has-background\" style=\"background-color:#3c1e00\"><\/p>\n\n\n\n<p class=\"has-drop-cap\">Einfach mal was Neues. Wir haben unsere Homepage \u00fcberarbeitet. Passend zu unserem 10-j\u00e4hrigen Jubil\u00e4um gibt es viele neue Infos rund um die EGERL\u00c4NDER6.<\/p>\n\n\n\n<p class=\"has-drop-cap\">6 Musikanten und ein Schlagzeuger feiern &#8222;10 Jahre Egerl\u00e4nder Blasmusik im Kleinformat&#8220;.<\/p>\n\n\n\n<p><\/p>\n\n\n\n<p>Erleben sie <strong>Ewig junge Blasmusik<\/strong>, das ist das Motto der jungen, jung gebliebenen, aber mit Sicherheit erfahrenen, professionellen und allseits bekannten Musikanten aus dem Raum Mittelhessen.<\/p>\n\n\n\n<div class=\"wp-block-image\"><figure class=\"alignright is-resized\"><img loading=\"lazy\" decoding=\"async\" src=\"http:\/\/egerlaender6.de\/wp-content\/uploads\/2020\/05\/Cover-2013.jpg\" alt=\"Dieses Bild hat ein leeres Alt-Attribut. Der Dateiname ist Cover-2013.jpg\" width=\"277\" height=\"244\"\/><\/figure><\/div>\n\n\n\n<p>Die Idee eine solche Besetzung <strong>2010<\/strong> zu gr\u00fcnden, beruhte, wie es so sch\u00f6n hei\u00dft, auf vielen Zuf\u00e4llen. <\/p>\n\n\n\n<p>In der Hauptsache war es aber die <strong>Liebe zur Egerl\u00e4nder Blasmusik<\/strong>, welche die Musikanten schon seit Kindertagen im Herzen tragen. Und so hat sie sich in der kurzen Zeit ihres Schaffens schon bestens in der Blasmusikszene etabliert und ist nicht mehr wegzudenken.&nbsp;<\/p>\n\n\n\n<div class=\"wp-block-image\"><figure class=\"alignleft size-large is-resized\"><img loading=\"lazy\" decoding=\"async\" src=\"http:\/\/egerlaender6.de\/wp-content\/uploads\/2020\/05\/E6_box2B-700x674.jpg\" alt=\"\" class=\"wp-image-381\" width=\"336\" height=\"323\" srcset=\"http:\/\/egerlaender6.de\/wp-content\/uploads\/2020\/05\/E6_box2B-700x674.jpg 700w, http:\/\/egerlaender6.de\/wp-content\/uploads\/2020\/05\/E6_box2B-300x289.jpg 300w, http:\/\/egerlaender6.de\/wp-content\/uploads\/2020\/05\/E6_box2B-768x740.jpg 768w, http:\/\/egerlaender6.de\/wp-content\/uploads\/2020\/05\/E6_box2B.jpg 1421w\" sizes=\"auto, (max-width: 336px) 100vw, 336px\" \/><\/figure><\/div>\n\n\n\n<p>Markenzeichen des Ensembles ist die hohe Flexibilit\u00e4t an musikalischer Ausdrucksweise. <\/p>\n\n\n\n<p>Da in einer solchen Besetzung bewusst auf den Dirigent verzichtet wird, sitzt mit Timo Groos als markanter Schlagzeuger der Kopf und Rhythmusgeber in der Mitte der Mannschaft und f\u00fchrt so, im Gegenseitigen perfektem Geben und nehmen, die ohnehin schon sehr guten Bl\u00e4ser. &nbsp;<\/p>\n\n\n\n<p>Hinzu kommt, f\u00fcr eine solche Besetzung schon nicht so einfach umzusetzen, der GESANG. <\/p>\n\n\n\n<div class=\"wp-block-image\"><figure class=\"alignright is-resized\"><img loading=\"lazy\" decoding=\"async\" src=\"http:\/\/egerlaender6.de\/wp-content\/uploads\/2020\/05\/Bild-E6.jpg\" alt=\"Dieses Bild hat ein leeres Alt-Attribut. Der Dateiname ist Bild-E6.jpg\" width=\"309\" height=\"324\"\/><\/figure><\/div>\n\n\n\n<p>Klassischer Duo-M\u00e4nnergesang von Christian Wahl (Trompete) und Timo Groos (Schlagzeug) und weitere f\u00fcllende Stimmen bis hin zum kleinen Chor bilden das gro\u00dfe EXTRA der EGERL\u00c4NDER6. &nbsp;<\/p>\n\n\n\n<p><\/p>\n\n\n\n<p>Ein weiterer Trumpf ist die immer wieder gelungene Auswahl an Titeln. Viele l\u00e4ngst vergessener Klassiker der Blasmusik, alte \u201eB\u00f6hmische Weisen\u201c und Stimmungsvolle Melodien, perfekt abgestimmt auf die 7 Akteure, lassen das Blut von so manchem Liebhaber dieser Musik in Wallung kommen.<\/p>\n\n\n\n<p><\/p>\n\n\n\n<div class=\"wp-block-image\"><figure class=\"alignleft is-resized\"><img loading=\"lazy\" decoding=\"async\" src=\"http:\/\/egerlaender6.de\/wp-content\/uploads\/2020\/05\/353344_Egerlaender6_booklet_2-3-Kopie-700x490.jpg\" alt=\"Dieses Bild hat ein leeres Alt-Attribut. Der Dateiname ist 353344_Egerlaender6_booklet_2-3-Kopie-700x490.jpg\" width=\"325\" height=\"227\"\/><\/figure><\/div>\n\n\n\n<p>Wie schnell doch die Zeit vergeht. Bereits schon 10 Jahre spielen wir nun quer durch den Deutschsprachigen Raum auf Veranstaltungen und Festen. Dazu kommen immer wieder Auftritte im Ausland.<\/p>\n\n\n\n<p><\/p>\n\n\n\n<p>Lassen sie sich \u00fcberraschen von \u201eBlasmusik im Kleinformat\u201c\u2026.<\/p>\n\n\n\n<p>Ihre <strong>\u201eEgerl\u00e4nder6\u201c<\/strong><\/p>\n\n\n\n<p><\/p>\n\n\n\n<p><\/p>\n\n\n\n<p class=\"has-background\" style=\"background-color:#3c1e00\"><\/p>\n","protected":false},"excerpt":{"rendered":"<p>Einfach mal was Neues. Wir haben unsere Homepage \u00fcberarbeitet. Passend zu unserem 10-j\u00e4hrigen Jubil\u00e4um gibt es viele neue Infos rund um die EGERL\u00c4NDER6. 6 Musikanten und ein Schlagzeuger feiern &#8222;10 Jahre Egerl\u00e4nder Blasmusik im Kleinformat&#8220;. Erleben sie Ewig junge Blasmusik, das ist das Motto der jungen, jung gebliebenen, aber mit Sicherheit erfahrenen, professionellen und allseits bekannten Musikanten aus dem Raum [&hellip;]<\/p>\n","protected":false},"author":1,"featured_media":0,"parent":0,"menu_order":0,"comment_status":"closed","ping_status":"closed","template":"page-templates\/full-width-container.php","meta":{"footnotes":""},"class_list":["post-121","page","type-page","status-publish","hentry"],"_links":{"self":[{"href":"http:\/\/egerlaender6.de\/index.php?rest_route=\/wp\/v2\/pages\/121","targetHints":{"allow":["GET"]}}],"collection":[{"href":"http:\/\/egerlaender6.de\/index.php?rest_route=\/wp\/v2\/pages"}],"about":[{"href":"http:\/\/egerlaender6.de\/index.php?rest_route=\/wp\/v2\/types\/page"}],"author":[{"embeddable":true,"href":"http:\/\/egerlaender6.de\/index.php?rest_route=\/wp\/v2\/users\/1"}],"replies":[{"embeddable":true,"href":"http:\/\/egerlaender6.de\/index.php?rest_route=%2Fwp%2Fv2%2Fcomments&post=121"}],"version-history":[{"count":33,"href":"http:\/\/egerlaender6.de\/index.php?rest_route=\/wp\/v2\/pages\/121\/revisions"}],"predecessor-version":[{"id":1281,"href":"http:\/\/egerlaender6.de\/index.php?rest_route=\/wp\/v2\/pages\/121\/revisions\/1281"}],"wp:attachment":[{"href":"http:\/\/egerlaender6.de\/index.php?rest_route=%2Fwp%2Fv2%2Fmedia&parent=121"}],"curies":[{"name":"wp","href":"https:\/\/api.w.org\/{rel}","templated":true}]}}